{"id":189,"date":"2021-01-29T17:28:32","date_gmt":"2021-01-29T16:28:32","guid":{"rendered":"https:\/\/www.tour-duguesclin.fr\/blog\/?page_id=189"},"modified":"2022-05-14T14:07:26","modified_gmt":"2022-05-14T12:07:26","slug":"se-loger","status":"publish","type":"page","link":"https:\/\/www.tour-duguesclin.fr\/leguide\/?page_id=189","title":{"rendered":"O\u00f9 se loger \u00e0 Chauvigny ?"},"content":{"rendered":"\n<p>Chambres d&rsquo;h\u00f4te, g\u00eetes, appartements, h\u00f4tels, camping, vous trouverez forc\u00e9ment de quoi vous loger confortablement \u00e0 Chauvigny.<\/p>\n\n\n\n<div class=\"wp-block-cover has-background-dim\" style=\"min-height:77px\"><img loading=\"lazy\" width=\"800\" height=\"141\" class=\"wp-block-cover__image-background wp-image-50\" alt=\"\" src=\"https:\/\/www.tour-duguesclin.fr\/leguide\/wp-content\/uploads\/2021\/01\/chauvignyb-1.jpg\" data-object-fit=\"cover\" srcset=\"https:\/\/www.tour-duguesclin.fr\/leguide\/wp-content\/uploads\/2021\/01\/chauvignyb-1.jpg 800w, https:\/\/www.tour-duguesclin.fr\/leguide\/wp-content\/uploads\/2021\/01\/chauvignyb-1-300x53.jpg 300w, https:\/\/www.tour-duguesclin.fr\/leguide\/wp-content\/uploads\/2021\/01\/chauvignyb-1-768x135.jpg 768w\" sizes=\"(max-width: 800px) 100vw, 800px\" \/><div class=\"wp-block-cover__inner-container\">\n<p class=\"has-text-align-center has-large-font-size\">En cit\u00e9 m\u00e9di\u00e9vale<\/p>\n<\/div><\/div>\n\n\n\n<div class=\"wp-block-group\"><div class=\"wp-block-group__inner-container\">\n<p><\/p>\n\n\n\n<h2><a href=\"http:\/\/www.tour-duguesclin.fr\" data-type=\"URL\" data-id=\"www.tour-duguesclin.fr\" target=\"_blank\" rel=\"noreferrer noopener\">La Tour Duguesclin<\/a><\/h2>\n\n\n\n<p>Au pied de la coll\u00e9giale Saint-Pierre, en plein coeur de la cit\u00e9 m\u00e9di\u00e9vale, deux appartements de charme class\u00e9s ** et ***, tout \u00e9quip\u00e9s, pour profiter au mieux de votre s\u00e9jour Chauvinois.<\/p>\n\n\n\n<ul><li><strong>Adresse<\/strong> : 14 plan Saint-Pierre<\/li><\/ul>\n\n\n\n<hr class=\"wp-block-separator is-style-wide\"\/>\n\n\n\n<p><\/p>\n<\/div><\/div>\n\n\n\n<div class=\"wp-block-group\"><div class=\"wp-block-group__inner-container\">\n<p><\/p>\n\n\n\n<h2><a href=\"https:\/\/www.leclouchauvigny.com\/loger-au-clou\/\" data-type=\"URL\" target=\"_blank\" rel=\"noreferrer noopener\">Les chambres du Clou<\/a><\/h2>\n\n\n\n<p>Le Clou, tiers-lieu associatif de la cit\u00e9 m\u00e9di\u00e9vale, vous propose deux chambres tout confort \u00e0 prix mod\u00e9r\u00e9 avec cuisine partag\u00e9e.<\/p>\n\n\n\n<ul><li><strong>Adresse<\/strong> : 4 plan Saint-Pierre<\/li><\/ul>\n\n\n\n<hr class=\"wp-block-separator is-style-wide\"\/>\n\n\n\n<p><\/p>\n<\/div><\/div>\n\n\n\n<div class=\"wp-block-cover has-background-dim\" style=\"min-height:73px\"><img loading=\"lazy\" width=\"930\" height=\"620\" class=\"wp-block-cover__image-background wp-image-457\" alt=\"\" src=\"https:\/\/www.tour-duguesclin.fr\/leguide\/wp-content\/uploads\/2021\/02\/ville_basse.jpg\" data-object-fit=\"cover\" srcset=\"https:\/\/www.tour-duguesclin.fr\/leguide\/wp-content\/uploads\/2021\/02\/ville_basse.jpg 930w, https:\/\/www.tour-duguesclin.fr\/leguide\/wp-content\/uploads\/2021\/02\/ville_basse-300x200.jpg 300w, https:\/\/www.tour-duguesclin.fr\/leguide\/wp-content\/uploads\/2021\/02\/ville_basse-768x512.jpg 768w\" sizes=\"(max-width: 930px) 100vw, 930px\" \/><div class=\"wp-block-cover__inner-container\">\n<p class=\"has-text-align-center has-large-font-size\">En ville basse<\/p>\n<\/div><\/div>\n\n\n\n<div class=\"wp-block-group\"><div class=\"wp-block-group__inner-container\">\n<p><\/p>\n\n\n\n<h2><a href=\"https:\/\/www.gites-de-france.com\/fr\/nouvelle-aquitaine\/vienne\/casa-talbat-86g1218\" target=\"_blank\" rel=\"noreferrer noopener\">Casa Talbat<\/a><\/h2>\n\n\n\n<p>Maison de vacances, labellis\u00e9e Gite de France, situ\u00e9e en ville basse, \u00e0 c\u00f4t\u00e9 du jardin public et pouvant accueillir jusqu&rsquo;\u00e0 six personnes.<\/p>\n\n\n\n<ul><li><strong>Adresse<\/strong> : 31 ter Rue de Saint-Savin<\/li><\/ul>\n\n\n\n<hr class=\"wp-block-separator is-style-wide\"\/>\n<\/div><\/div>\n\n\n\n<div class=\"wp-block-group\"><div class=\"wp-block-group__inner-container\">\n<h2><a href=\"http:\/\/www.chauvigny.net\/home\" data-type=\"URL\" data-id=\"http:\/\/www.chauvigny.net\/home\" target=\"_blank\" rel=\"noreferrer noopener\">La Maison Rouge<\/a><\/h2>\n\n\n\n<p>Deux chambres d&rsquo;h\u00f4te pour 3 et 5 personnes tenues par Christophe. En plein centre-ville mais avec jardin, belle vue sur le panorama des ch\u00e2teaux. Petit d\u00e9jeuner copieux !<\/p>\n\n\n\n<ul><li><strong>Adresse<\/strong> : 19 Rue de la Maison Rouge<\/li><\/ul>\n\n\n\n<hr class=\"wp-block-separator is-style-wide\"\/>\n<\/div><\/div>\n\n\n\n<div class=\"wp-block-group\"><div class=\"wp-block-group__inner-container\">\n<h2><a href=\"https:\/\/www.notredamechauvigny.fr\/\" data-type=\"URL\" data-id=\"https:\/\/www.notredamechauvigny.fr\/\" target=\"_blank\" rel=\"noreferrer noopener\">Notre-Dame<\/a><\/h2>\n\n\n\n<p>Situ\u00e9e en ville basse, dans une ancienne \u00e9cole \u00e9l\u00e9mentaire, cette maison d&rsquo;h\u00f4te propose plusieurs chambres d&rsquo;h\u00f4tes, un centre de conf\u00e9rence et une r\u00e9ception ouverte 24h\/24. <\/p>\n\n\n\n<ul><li><strong>Adresse<\/strong> : 55 rue Faideau<\/li><\/ul>\n\n\n\n<hr class=\"wp-block-separator is-style-wide\"\/>\n<\/div><\/div>\n\n\n\n<div class=\"wp-block-group\"><div class=\"wp-block-group__inner-container\">\n<h2><a href=\"https:\/\/www.hotel-restaurant-le-lion-dor.fr\/\" data-type=\"URL\" data-id=\"https:\/\/www.hotel-restaurant-le-lion-dor.fr\/\" target=\"_blank\" rel=\"noreferrer noopener\">H\u00f4tel le Lion d&rsquo;Or<\/a><\/h2>\n\n\n\n<p>Class\u00e9e Logis-H\u00f4tel ***, le Lion d&rsquo;Or est id\u00e9alement plac\u00e9 dans la rue principale de la ville. A noter que l&rsquo;h\u00f4tel dispose \u00e9galement d&rsquo;un tr\u00e8s bon restaurant et d&rsquo;une terrasse.<\/p>\n\n\n\n<ul><li><strong>Adresse<\/strong> : 8 rue du march\u00e9<\/li><\/ul>\n\n\n\n<hr class=\"wp-block-separator is-style-wide\"\/>\n<\/div><\/div>\n\n\n\n<div class=\"wp-block-group\"><div class=\"wp-block-group__inner-container\">\n<h2><a href=\"https:\/\/www.hotelbeausejourchauvigny.com\/\" data-type=\"URL\" data-id=\"https:\/\/www.hotelbeausejourchauvigny.com\/\" target=\"_blank\" rel=\"noreferrer noopener\">H\u00f4tel Beaus\u00e9jour<\/a><\/h2>\n\n\n\n<p>Dans le centre, derri\u00e8re la rue principale, l&rsquo;h\u00f4tel est install\u00e9 dans une maison bourgeoise de la fin du 19\u00e8me si\u00e8cle. Il dispose \u00e9galement d&rsquo;un bar, d&rsquo;un restaurant et d&rsquo;un jardin.<\/p>\n\n\n\n<ul><li><strong>Adresse<\/strong> : 18\/22 rue Vassalour<\/li><\/ul>\n\n\n\n<hr class=\"wp-block-separator is-style-wide\"\/>\n<\/div><\/div>\n\n\n\n<div class=\"wp-block-group\"><div class=\"wp-block-group__inner-container\">\n<h2><a href=\"https:\/\/www.lechaletfleuri.fr\/\" data-type=\"URL\" data-id=\"https:\/\/www.lechaletfleuri.fr\/\" target=\"_blank\" rel=\"noreferrer noopener\">H\u00f4tel le Chalet fleuri<\/a><\/h2>\n\n\n\n<p>Un peu \u00e0 l&rsquo;\u00e9cart du centre, l&rsquo;h\u00f4tel class\u00e9 ** est au bord de la Vienne. Vous pourrez profiter \u00e9galement d&rsquo;un restaurant et d&rsquo;une terrasse face \u00e0 la cit\u00e9 m\u00e9di\u00e9vale.<\/p>\n\n\n\n<ul><li><strong>Adresse<\/strong> : 31 avenue Aristide Briand<\/li><\/ul>\n\n\n\n<hr class=\"wp-block-separator is-style-wide\"\/>\n<\/div><\/div>\n\n\n\n<div class=\"wp-block-group\"><div class=\"wp-block-group__inner-container\">\n<h2><a href=\"https:\/\/www.chauvigny.fr\/index.php\/tourisme-patrimoine\/chauvigny-vous-accueille\/211-camping-la-fontaine\" data-type=\"URL\" data-id=\"https:\/\/www.chauvigny.fr\/index.php\/tourisme-patrimoine\/chauvigny-vous-accueille\/211-camping-la-fontaine\" target=\"_blank\" rel=\"noreferrer noopener\">Camping de Chauvigny<\/a><\/h2>\n\n\n\n<p>Le camping municipal \u00ab\u00a0La fontaine\u00a0\u00bb, class\u00e9 ***, est attenant au jardin public. Il propose 100 emplacements ainsi que des chalets et studios, le tout sur 2,86 ha de verdure.<\/p>\n\n\n\n<ul><li><strong>Adresse<\/strong> : rue de la Fontaine<\/li><\/ul>\n\n\n\n<hr class=\"wp-block-separator is-style-wide\"\/>\n<\/div><\/div>\n","protected":false},"excerpt":{"rendered":"<p>Chambres d&rsquo;h\u00f4te, g\u00eetes, appartements, h\u00f4tels, camping, vous trouverez forc\u00e9ment de quoi vous loger confortablement \u00e0 Chauvigny. La Tour Duguesclin Au pied de la coll\u00e9giale Saint-Pierre, en plein coeur de la cit\u00e9 m\u00e9di\u00e9vale, deux appartements de&hellip;<\/p>\n<p><a class=\"excerpt-readmore\" href=\"https:\/\/www.tour-duguesclin.fr\/leguide\/?page_id=189\">Read More<\/a><\/p>\n","protected":false},"author":1,"featured_media":0,"parent":0,"menu_order":0,"comment_status":"closed","ping_status":"closed","template":"","meta":[],"_links":{"self":[{"href":"https:\/\/www.tour-duguesclin.fr\/leguide\/index.php?rest_route=\/wp\/v2\/pages\/189"}],"collection":[{"href":"https:\/\/www.tour-duguesclin.fr\/leguide\/index.php?rest_route=\/wp\/v2\/pages"}],"about":[{"href":"https:\/\/www.tour-duguesclin.fr\/leguide\/index.php?rest_route=\/wp\/v2\/types\/page"}],"author":[{"embeddable":true,"href":"https:\/\/www.tour-duguesclin.fr\/leguide\/index.php?rest_route=\/wp\/v2\/users\/1"}],"replies":[{"embeddable":true,"href":"https:\/\/www.tour-duguesclin.fr\/leguide\/index.php?rest_route=%2Fwp%2Fv2%2Fcomments&post=189"}],"version-history":[{"count":27,"href":"https:\/\/www.tour-duguesclin.fr\/leguide\/index.php?rest_route=\/wp\/v2\/pages\/189\/revisions"}],"predecessor-version":[{"id":1008,"href":"https:\/\/www.tour-duguesclin.fr\/leguide\/index.php?rest_route=\/wp\/v2\/pages\/189\/revisions\/1008"}],"wp:attachment":[{"href":"https:\/\/www.tour-duguesclin.fr\/leguide\/index.php?rest_route=%2Fwp%2Fv2%2Fmedia&parent=189"}],"curies":[{"name":"wp","href":"https:\/\/api.w.org\/{rel}","templated":true}]}}