{"id":86,"date":"2021-01-28T14:04:14","date_gmt":"2021-01-28T13:04:14","guid":{"rendered":"https:\/\/www.tour-duguesclin.fr\/blog\/?page_id=86"},"modified":"2022-12-14T12:15:41","modified_gmt":"2022-12-14T11:15:41","slug":"pratique","status":"publish","type":"page","link":"https:\/\/www.tour-duguesclin.fr\/leguide\/?page_id=86","title":{"rendered":"Informations pratiques"},"content":{"rendered":"\n<h2>Se garer \u00e0 Chauvigny<\/h2>\n\n\n\n<p>Le stationnement \u00e0 Chauvigny (hors samedi matin) ne pose en g\u00e9n\u00e9ral pas de probl\u00e8me. <br>En ville basse, la place du champ de foire en plein centre permet d&rsquo;accueillir des centaines de voiture. Attention, le samedi matin, jour du grand march\u00e9, le parking n&rsquo;est pas accessible donc prenez vos pr\u00e9cautions. <br>En cit\u00e9 m\u00e9di\u00e9vale, hors saison touristique, vous pourrez facilement stationner votre v\u00e9hicule rue Saint-Pierre, place du vieux-march\u00e9, place des ch\u00e2taigniers ou bien dans le grand parking public de Bretagne au bout de la rue St-Pierre. <br>Pendant les mois de Juillet et ao\u00fbt, la cit\u00e9 m\u00e9di\u00e9vale est normalement interdite aux voitures (borne \u00e0 l&rsquo;entr\u00e9e) et la seule solution est alors le parking de Bretagne.<\/p>\n\n\n\n<h2>Acc\u00e9der \u00e0 la cit\u00e9 m\u00e9di\u00e9vale<\/h2>\n\n\n\n<p>Pendant la saison, vous ne pouvez pas circuler en voiture dans la cit\u00e9 m\u00e9di\u00e9vale donc pensez \u00e0 stationner votre v\u00e9hicule dans les parkings disponibles (cf. ci-dessus).<br>Si vous \u00eates gar\u00e9 au parking de cit\u00e9 m\u00e9di\u00e9vale, vous \u00eates \u00e0 5 minutes \u00e0 pied du centre.<br>Si vous \u00eates gar\u00e9 en ville basse, pendant les mois de juillet\/ao\u00fbt, vous pouvez prendre la navette gratuite en centre-ville qui vous d\u00e9posera au ch\u00e2teau des Ev\u00eaques ou place du Donjon. Enfin, le plus simple est de faire le trajet \u00e0 pied. Comptez 7 \u00e0 8 minutes pour parvenir au sommet.<\/p>\n\n\n\n<h2>Descendre en ville basse<\/h2>\n\n\n\n<p>Depuis la cit\u00e9 m\u00e9di\u00e9vale, l&rsquo;itin\u00e9raire le plus court pour la ville basse est le suivant :<br>Dirigez-vous vers le ch\u00e2teau des Ev\u00eaques (celui qui h\u00e9berge le spectacle des Aigles). En contrebas de la petite place des ch\u00e2taigniers, vous descendez la rue du Crime (vous passez alors sous un petit pont en bois). Au bout de cette ruelle, deux solutions : la rue des Trois-rois sur votre droite vous conduira au centre-ville, la rue sur votre gauche vous m\u00e8nera au jardin public ou vers la boutique du bon coin paysan.<\/p>\n\n\n\n<h2>Distributeurs Automatiques de Billet<\/h2>\n\n\n\n<p>Il n&rsquo;y en a pas en cit\u00e9 m\u00e9di\u00e9vale, vous devrez vous rendre en ville basse o\u00f9 vous en trouverez plusieurs dans la rue principale.<\/p>\n\n\n\n<h2>Faire ses courses alimentaires<\/h2>\n\n\n\n<p>Il n&rsquo;y a pas de commerce de bouche en cit\u00e9 m\u00e9di\u00e9vale, direction donc la ville basse o\u00f9 vous trouverez un carrefour Market sur la rue principale (en face de l&rsquo;Eglise Notre-Dame), ouvert tous les jours. Trois boulangeries se disputent les faveurs du public mais attention, le lundi, elles sont toutes ferm\u00e9es. En fin de semaine, pensez au Bon Coin paysan (boutique de producteurs locaux route de Saint-Savin, \u00e0 l&rsquo;ouest de la ville).<br>Pour les grosses courses, Il existe trois supermarch\u00e9s \u00e0 la sortie de Chauvigny : un Leclerc et un Super-U sur la route de Poitiers et un Intermarch\u00e9 Zone du Peuron.<\/p>\n\n\n\n<p><\/p>\n\n\n\n<h2>Aller et revenir de Poitiers<\/h2>\n\n\n\n<p>Voici les principaux horaires permettant d&rsquo;aller \u00e0 la gare de Poitiers depuis la mairie et d&rsquo;en revenir (valable jusqu&rsquo;\u00e0 l&rsquo;\u00e9t\u00e9 2023 hors vacances scolaires) :<\/p>\n\n\n\n\n<table id=\"tablepress-1\" class=\"tablepress tablepress-id-1\">\n<thead>\n<tr class=\"row-1 odd\">\n\t<th colspan=\"11\" class=\"column-1\">D\u00e9part de la mairie de Chauvigny en semaine (Bus 33 et 33 Express)<\/th><th class=\"column-12\">Samedi<\/th><th class=\"column-13\">&nbsp;<\/th><th class=\"column-14\">&nbsp;<\/th>\n<\/tr>\n<\/thead>\n<tbody class=\"row-hover\">\n<tr class=\"row-2 even\">\n\t<td class=\"column-1\">06:07<\/td><td class=\"column-2\">06:29<\/td><td class=\"column-3\">07:04<\/td><td class=\"column-4\">08:09<\/td><td class=\"column-5\">09:01<\/td><td class=\"column-6\">10:46<\/td><td class=\"column-7\">12:49<\/td><td class=\"column-8\">14:58<\/td><td class=\"column-9\">16:10<\/td><td class=\"column-10\">17:18<\/td><td class=\"column-11\">18:46<\/td><td class=\"column-12\">07:58<\/td><td class=\"column-13\">13:20<\/td><td class=\"column-14\">17:10<\/td>\n<\/tr>\n<tr class=\"row-3 odd\">\n\t<td class=\"column-1\">06:45<\/td><td class=\"column-2\">07:30<\/td><td class=\"column-3\">07:50<\/td><td class=\"column-4\">08:50<\/td><td class=\"column-5\">10:00<\/td><td class=\"column-6\">11:45<\/td><td class=\"column-7\">13:50<\/td><td class=\"column-8\">16:00<\/td><td class=\"column-9\">17:15<\/td><td class=\"column-10\">18:21<\/td><td class=\"column-11\">19:45<\/td><td class=\"column-12\">08:54<\/td><td class=\"column-13\">14:17<\/td><td class=\"column-14\">18:07<\/td>\n<\/tr>\n<\/tbody>\n<\/table>\n<!-- #tablepress-1 from cache -->\n\n\n\n\n<table id=\"tablepress-2\" class=\"tablepress tablepress-id-2\">\n<thead>\n<tr class=\"row-1 odd\">\n\t<th colspan=\"12\" class=\"column-1\">D\u00e9part de la gare de Poitiers en Semaine (Bus 33 et 33 Express)<\/th><th class=\"column-13\">Samedi<\/th><th class=\"column-14\">&nbsp;<\/th><th class=\"column-15\">&nbsp;<\/th>\n<\/tr>\n<\/thead>\n<tbody class=\"row-hover\">\n<tr class=\"row-2 even\">\n\t<td class=\"column-1\">06:48<\/td><td class=\"column-2\">07:45<\/td><td class=\"column-3\">09:34<\/td><td class=\"column-4\">12:15<\/td><td class=\"column-5\">15:00<\/td><td class=\"column-6\">16:15<\/td><td class=\"column-7\">17:15<\/td><td class=\"column-8\">17:30<\/td><td class=\"column-9\">18:15<\/td><td class=\"column-10\">18:30<\/td><td class=\"column-11\">19:15<\/td><td class=\"column-12\">20:00<\/td><td class=\"column-13\">09:18<\/td><td class=\"column-14\">12:15<\/td><td class=\"column-15\">18:20<\/td>\n<\/tr>\n<tr class=\"row-3 odd\">\n\t<td class=\"column-1\">07:46<\/td><td class=\"column-2\">08:49<\/td><td class=\"column-3\">10:33<\/td><td class=\"column-4\">13:14<\/td><td class=\"column-5\">15:59<\/td><td class=\"column-6\">17:14<\/td><td class=\"column-7\">17:58<\/td><td class=\"column-8\">18:38<\/td><td class=\"column-9\">18:56<\/td><td class=\"column-10\">19:33<\/td><td class=\"column-11\">19:53<\/td><td class=\"column-12\">20:56<\/td><td class=\"column-13\">10:05<\/td><td class=\"column-14\">13:11<\/td><td class=\"column-15\">19:17<\/td>\n<\/tr>\n<\/tbody>\n<\/table>\n<!-- #tablepress-2 from cache -->\n\n\n\n<p><\/p>\n","protected":false},"excerpt":{"rendered":"<p>Se garer \u00e0 Chauvigny Le stationnement \u00e0 Chauvigny (hors samedi matin) ne pose en g\u00e9n\u00e9ral pas de probl\u00e8me. En ville basse, la place du champ de foire en plein centre permet d&rsquo;accueillir des centaines de&hellip;<\/p>\n<p><a class=\"excerpt-readmore\" href=\"https:\/\/www.tour-duguesclin.fr\/leguide\/?page_id=86\">Read More<\/a><\/p>\n","protected":false},"author":1,"featured_media":0,"parent":0,"menu_order":0,"comment_status":"closed","ping_status":"closed","template":"","meta":[],"_links":{"self":[{"href":"https:\/\/www.tour-duguesclin.fr\/leguide\/index.php?rest_route=\/wp\/v2\/pages\/86"}],"collection":[{"href":"https:\/\/www.tour-duguesclin.fr\/leguide\/index.php?rest_route=\/wp\/v2\/pages"}],"about":[{"href":"https:\/\/www.tour-duguesclin.fr\/leguide\/index.php?rest_route=\/wp\/v2\/types\/page"}],"author":[{"embeddable":true,"href":"https:\/\/www.tour-duguesclin.fr\/leguide\/index.php?rest_route=\/wp\/v2\/users\/1"}],"replies":[{"embeddable":true,"href":"https:\/\/www.tour-duguesclin.fr\/leguide\/index.php?rest_route=%2Fwp%2Fv2%2Fcomments&post=86"}],"version-history":[{"count":12,"href":"https:\/\/www.tour-duguesclin.fr\/leguide\/index.php?rest_route=\/wp\/v2\/pages\/86\/revisions"}],"predecessor-version":[{"id":1046,"href":"https:\/\/www.tour-duguesclin.fr\/leguide\/index.php?rest_route=\/wp\/v2\/pages\/86\/revisions\/1046"}],"wp:attachment":[{"href":"https:\/\/www.tour-duguesclin.fr\/leguide\/index.php?rest_route=%2Fwp%2Fv2%2Fmedia&parent=86"}],"curies":[{"name":"wp","href":"https:\/\/api.w.org\/{rel}","templated":true}]}}